{"id":2,"date":"2019-02-27T21:00:55","date_gmt":"2019-02-27T21:00:55","guid":{"rendered":"https:\/\/merkityskeskeinen.wordpress.com\/?page_id=2"},"modified":"2026-03-31T21:54:08","modified_gmt":"2026-03-31T20:54:08","slug":"home","status":"publish","type":"page","link":"https:\/\/merkityskeskeinen.com\/","title":{"rendered":"Jan Nystr\u00f6m &#8211; merkityskeskeinen kehitt\u00e4j\u00e4"},"content":{"rendered":"\n<h2 class=\"wp-block-heading\"><br><\/h2>\n\n\n\n<div class=\"wp-block-media-text alignwide has-media-on-the-right is-stacked-on-mobile is-vertically-aligned-top\" style=\"grid-template-columns:auto 60%\"><div class=\"wp-block-media-text__content\">\n<p>Tervehdys! Olen Jan Nystr\u00f6m  ja intohimoni on auttaa luomaan syvemp\u00e4\u00e4 ymm\u00e4rryst\u00e4 ja l\u00f6yt\u00e4m\u00e4\u00e4n positiivisiia l\u00e4ht\u00f6kohtia paremman tulevaisuuden rakentamiseksi.<\/p>\n\n\n\n<p>Olen ty\u00f6skennellyr +10 vuotta julkisen sektorin johto- ja kehitt\u00e4misteht\u00e4viss\u00e4. Viime vuodet kirjastojen kehitt\u00e4misen parissa. Koulustaustaani kuuluu niin filosofiaa(FM) kuin tietojohtamista (KTM).Olen lis\u00e4ksi <a href=\"https:\/\/appa.edu\/\">APPA-sertifioitu<\/a> filosofinen praktikko, <a href=\"https:\/\/www.eratauko.fi\/mika-eratauko\/\" data-type=\"link\" data-id=\"https:\/\/www.eratauko.fi\/mika-eratauko\/\">Er\u00e4tauko-ohjaaja<\/a> ja <a href=\"https:\/\/www.sitra.fi\/hankkeet\/tulevaisuustaajuus\/#\" data-type=\"link\" data-id=\"https:\/\/www.sitra.fi\/hankkeet\/tulevaisuustaajuus\/#\">Tulevaisuustaajuus-vet\u00e4j\u00e4<\/a><\/p>\n\n\n\n<p>Missioni on positiivisen yhteiskunnallisen muutoksen aikaansaaminen edist\u00e4m\u00e4ll\u00e4 dialogia, ymm\u00e4rryst\u00e4, kriittist\u00e4 ajattelua ja eettisess\u00e4 puntaroinnissa harjaantumista.<\/p>\n<\/div><figure class=\"wp-block-media-text__media\"><img loading=\"lazy\" decoding=\"async\" width=\"768\" height=\"1024\" src=\"https:\/\/merkityskeskeinen.com\/wp-content\/uploads\/2025\/04\/20250404_091905-768x1024.jpg\" alt=\"\" class=\"wp-image-247 size-full\" srcset=\"https:\/\/merkityskeskeinen.com\/wp-content\/uploads\/2025\/04\/20250404_091905-768x1024.jpg 768w, https:\/\/merkityskeskeinen.com\/wp-content\/uploads\/2025\/04\/20250404_091905-225x300.jpg 225w, https:\/\/merkityskeskeinen.com\/wp-content\/uploads\/2025\/04\/20250404_091905-1152x1536.jpg 1152w, https:\/\/merkityskeskeinen.com\/wp-content\/uploads\/2025\/04\/20250404_091905-1536x2048.jpg 1536w, https:\/\/merkityskeskeinen.com\/wp-content\/uploads\/2025\/04\/20250404_091905-scaled.jpg 1920w\" sizes=\"auto, (max-width: 768px) 100vw, 768px\" \/><\/figure><\/div>\n\n\n\n<hr class=\"wp-block-separator has-css-opacity\"\/>\n\n\n\n<h4 class=\"wp-block-heading has-text-align-center\">Tilaa minut suunnittelemaan ja ohjaamaan ty\u00f6paja tai dialogi, pit\u00e4m\u00e4\u00e4n luento tai koulutus. Jos en itse pysty auttamaan, voi verkostoistani l\u00f6yty\u00e4 ratkaisu. Aina kannattaa ottaa yhteytt\u00e4!<\/h4>\n\n\n\n<h2 class=\"wp-block-heading has-text-align-center\">Alla tj\u00e4nster ocks\u00e5 sj\u00e4lvklart p\u00e5 svenska!<\/h2>\n\n\n\n<p><\/p>\n\n\n\n<hr class=\"wp-block-separator has-css-opacity\"\/>\n\n\n\n<h2 class=\"wp-block-heading\">Ota yhteytt\u00e4!<br><\/h2>\n\n\n\n<p class=\"has-text-align-left\">Merkityskeskeisen kehitt\u00e4misen instituutti (Y-tunnus 1836103-1)<br>Jan Nystr\u00f6m<br>050 5240033<br>jan@merkityskeskeinen.com<\/p>\n\n\n\n<p class=\"has-text-align-left\"><br><\/p>\n\n\n\n<h2 class=\"wp-block-heading\"><br><\/h2>\n\n\n\n\n\n\n\n\n\n\n<hr class=\"wp-block-separator has-css-opacity\"\/>\n\n\n\n<p class=\"has-small-font-size\">Copyright Merkityskeskeisen kehitt\u00e4misen instituutti 2018 &#8211; All rights reserved<br><\/p>\n","protected":false},"excerpt":{"rendered":"<p>Tervehdys! Olen Jan Nystr\u00f6m ja intohimoni on auttaa luomaan syvemp\u00e4\u00e4 ymm\u00e4rryst\u00e4 ja l\u00f6yt\u00e4m\u00e4\u00e4n positiivisiia l\u00e4ht\u00f6kohtia paremman tulevaisuuden rakentamiseksi. Olen ty\u00f6skennellyr +10 vuotta julkisen sektorin johto- ja kehitt\u00e4misteht\u00e4viss\u00e4. Viime vuodet kirjastojen kehitt\u00e4misen parissa. Koulustaustaani kuuluu niin filosofiaa(FM) kuin tietojohtamista (KTM).Olen lis\u00e4ksi APPA-sertifioitu filosofinen praktikko, Er\u00e4tauko-ohjaaja ja Tulevaisuustaajuus-vet\u00e4j\u00e4 Missioni on positiivisen yhteiskunnallisen muutoksen aikaansaaminen edist\u00e4m\u00e4ll\u00e4 dialogia, ymm\u00e4rryst\u00e4,&hellip;&nbsp;<a href=\"https:\/\/merkityskeskeinen.com\/\" class=\"\" rel=\"bookmark\">Read More &raquo;<span class=\"screen-reader-text\">Jan Nystr\u00f6m &#8211; merkityskeskeinen kehitt\u00e4j\u00e4<\/span><\/a><\/p>\n","protected":false},"author":2,"featured_media":0,"parent":0,"menu_order":1,"comment_status":"closed","ping_status":"closed","template":"","meta":{"neve_meta_sidebar":"","neve_meta_container":"","neve_meta_enable_content_width":"","neve_meta_content_width":0,"neve_meta_title_alignment":"","neve_meta_author_avatar":"","neve_post_elements_order":"","neve_meta_disable_header":"","neve_meta_disable_footer":"","neve_meta_disable_title":"","footnotes":""},"class_list":["post-2","page","type-page","status-publish","hentry"],"_links":{"self":[{"href":"https:\/\/merkityskeskeinen.com\/index.php?rest_route=\/wp\/v2\/pages\/2","targetHints":{"allow":["GET"]}}],"collection":[{"href":"https:\/\/merkityskeskeinen.com\/index.php?rest_route=\/wp\/v2\/pages"}],"about":[{"href":"https:\/\/merkityskeskeinen.com\/index.php?rest_route=\/wp\/v2\/types\/page"}],"author":[{"embeddable":true,"href":"https:\/\/merkityskeskeinen.com\/index.php?rest_route=\/wp\/v2\/users\/2"}],"replies":[{"embeddable":true,"href":"https:\/\/merkityskeskeinen.com\/index.php?rest_route=%2Fwp%2Fv2%2Fcomments&post=2"}],"version-history":[{"count":18,"href":"https:\/\/merkityskeskeinen.com\/index.php?rest_route=\/wp\/v2\/pages\/2\/revisions"}],"predecessor-version":[{"id":274,"href":"https:\/\/merkityskeskeinen.com\/index.php?rest_route=\/wp\/v2\/pages\/2\/revisions\/274"}],"wp:attachment":[{"href":"https:\/\/merkityskeskeinen.com\/index.php?rest_route=%2Fwp%2Fv2%2Fmedia&parent=2"}],"curies":[{"name":"wp","href":"https:\/\/api.w.org\/{rel}","templated":true}]}}